{"id":298,"date":"2021-05-05T15:17:51","date_gmt":"2021-05-05T13:17:51","guid":{"rendered":"https:\/\/www.edeqec.sk\/?page_id=298"},"modified":"2024-08-10T14:32:19","modified_gmt":"2024-08-10T12:32:19","slug":"taking-action-against-sexist-hate-speech","status":"publish","type":"page","link":"https:\/\/www.edeqec.sk\/en\/projekty\/taking-action-against-sexist-hate-speech\/","title":{"rendered":"Taking Action Against Sexist Hate Speech"},"content":{"rendered":"<hr class=\"wp-block-separator has-css-opacity\"\/>\n\n\n\n<h2 class=\"wp-block-heading\"><strong><span style=\"color:#b54168\" class=\"has-inline-color\">TAKING ACTION AGAINST SEXIST HATE SPEECH<\/span><\/strong><\/h2>\n\n\n\n<div style=\"height:20px\" aria-hidden=\"true\" class=\"wp-block-spacer\"><\/div>\n\n\n\n<p><strong><span style=\"color:#b54168\" class=\"has-inline-color\">TRAINING COURSE FOR YOUTH WORKERS AND YOUNG LEADERS<\/span><\/strong><\/p>\n\n\n\n<p><mark style=\"background-color:rgba(0, 0, 0, 0);color:#b54168\" class=\"has-inline-color\"><strong>DATE OF REALIZATION<\/strong>:<\/mark> <strong>Summer 2022<\/strong><\/p>\n\n\n\n<p><strong><strong><span style=\"color:#b54168\" class=\"has-inline-color\">DURATION OF THE TRAINING:<\/span><\/strong><\/strong> <strong>9 days including travel<\/strong><\/p>\n\n\n\n<p><strong><span style=\"color:#b54168\" class=\"has-inline-color\">PLACE:<\/span><\/strong> <strong>Slovakia<\/strong><\/p>\n\n\n\n<p><strong><span style=\"color:#b54168\" class=\"has-inline-color\">PARTNER ORGANIZATIONS:<\/span><\/strong><\/p>\n\n\n\n<ul>\n<li><strong>YOUth Connect<\/strong>, Italy, <a href=\"http:\/\/www.youth-connect.com\" target=\"_blank\" rel=\"noreferrer noopener\">www.youth-connect.com<\/a><\/li>\n\n\n\n<li><strong>DreamTeam AMKE<\/strong>, Greece, <a href=\"http:\/\/www.dream-team.eu\/\" target=\"_blank\" rel=\"noreferrer noopener\">www.dream-team.eu<\/a><\/li>\n\n\n\n<li><strong>Active Youth<\/strong>, Lithuania, <a href=\"http:\/\/www.activeyouth.lt\" target=\"_blank\" rel=\"noreferrer noopener\">www.activeyouth.lt<\/a><\/li>\n\n\n\n<li><strong>Gorey Youth Needs Group<\/strong>, Ireland, <a href=\"http:\/\/www.gyng.ie\" target=\"_blank\" rel=\"noreferrer noopener\">www.gyng.ie<\/a><\/li>\n\n\n\n<li><strong>Queer May Association<\/strong>, Poland, <a href=\"http:\/\/www.queerowymaj.org\" target=\"_blank\" rel=\"noreferrer noopener\">www.queerowymaj.org<\/a><\/li>\n\n\n\n<li><strong>Bilitis Resource Center<\/strong>, Bulgaria, <a href=\"http:\/\/www.bilitis.org\" target=\"_blank\" rel=\"noreferrer noopener\">www.bilitis.org<\/a><\/li>\n<\/ul>\n\n\n\n<div style=\"height:20px\" aria-hidden=\"true\" class=\"wp-block-spacer\"><\/div>\n\n\n\n<p><mark style=\"background-color:rgba(0, 0, 0, 0);color:#b54168\" class=\"has-inline-color\"><strong>TRAINING COURSE PROGRAMME AND RECOMMENDATIONS:<\/strong><\/mark> <a href=\"https:\/\/www.edeqec.sk\/en\/tips_and_tricks-2\/\" target=\"_blank\" rel=\"noreferrer noopener\">https:\/\/www.edeqec.sk\/tips_and_tricks-2\/<\/a><img decoding=\"async\" class=\"wp-image-423\" style=\"width: NaNpx;\" src=\"https:\/\/www.edeqec.sk\/wp-content\/uploads\/2023\/02\/Tips_and_tricks.pdf\" alt=\"\"><\/p>\n\n\n\n<p>The project was co-funded by the Erasmus+ Programme of the European Union.<\/p>\n\n\n<div class=\"wp-block-image\">\n<figure class=\"aligncenter size-large is-resized\"><img decoding=\"async\" loading=\"lazy\" src=\"https:\/\/www.edeqec.sk\/wp-content\/uploads\/2021\/06\/erasmus-logo-1024x226.jpg\" alt=\"\" class=\"wp-image-325\" width=\"625\" height=\"137\" srcset=\"https:\/\/www.edeqec.sk\/wp-content\/uploads\/2021\/06\/erasmus-logo-1024x226.jpg 1024w, https:\/\/www.edeqec.sk\/wp-content\/uploads\/2021\/06\/erasmus-logo-300x66.jpg 300w, https:\/\/www.edeqec.sk\/wp-content\/uploads\/2021\/06\/erasmus-logo-768x169.jpg 768w, https:\/\/www.edeqec.sk\/wp-content\/uploads\/2021\/06\/erasmus-logo-16x4.jpg 16w, https:\/\/www.edeqec.sk\/wp-content\/uploads\/2021\/06\/erasmus-logo.jpg 1135w\" sizes=\"(max-width: 625px) 100vw, 625px\" \/><\/figure><\/div>\n\n\n<hr class=\"wp-block-separator has-css-opacity\"\/>\n\n\n\n<div style=\"height:20px\" aria-hidden=\"true\" class=\"wp-block-spacer\"><\/div>\n\n\n\n<p>The project <em>Taking Action Against Sexist Hate Speech<\/em> aims to raise awareness among youth workers and young leaders about <strong>hate speech against women and the LGBTIQ+ community<\/strong> and equip them with tools to identify and tackle the phenomena.<\/p>\n\n\n\n<div style=\"height:20px\" aria-hidden=\"true\" class=\"wp-block-spacer\"><\/div>\n\n\n\n<p>We have been taught to overlook sexist hate speech while <strong>gender stereotypes<\/strong> became deeply rooted in our lives. We absorb them through socialization; we are not aware of our prejudices, and consequently, we reproduce them. Such reproduction may and does have harmful effects on individuals &#8211; especially girls, women and marginalised groups. Sexist hate speech negatively impacts the self-confidence of women and girls and equals to <strong>and<\/strong> <strong>form of violence<\/strong>. We can not allow sexist hate speech to become normalised among youth and in the upcoming generations.<\/p>\n\n\n\n<div style=\"height:20px\" aria-hidden=\"true\" class=\"wp-block-spacer\"><\/div>\n\n\n\n<p>While anti-gender forces have been extensively polluting the atmosphere and narratives in Europe in the last decade, the anti-gender rhetoric resulted in the refusal of the Istanbul Convention in several countries and intensified hate speech against the LGBTIQ+ community. In the project, we will stress both <strong>sexist hate speech <\/strong>and <strong>hate speech against the LGBTIQ+ community<\/strong> as two specific but interconnected forms of hate speech.<\/p>\n\n\n\n<div style=\"height:20px\" aria-hidden=\"true\" class=\"wp-block-spacer\"><\/div>\n\n\n\n<p>During the training course, we will train 28 youth workers and young leaders from seven countries (Slovakia, Italy, Greece, Lithuania, Ireland, Poland and Bulgaria), share experience, build alliances and develop strategies to tackle the specific forms of hate speech.<\/p>\n\n\n\n<div style=\"height:20px\" aria-hidden=\"true\" class=\"wp-block-spacer\"><\/div>\n\n\n\n<p><strong>The training course will:<\/strong><\/p>\n\n\n\n<ul>\n<li>increase the youth workers&#8216; competencies to recognize hate speech against particular groups;<\/li>\n\n\n\n<li>increase the youth workers&#8216; competencies in gender equality and deepen gender sensitivity;<\/li>\n\n\n\n<li>acknowledge the dangers of sexist hate speech to democratic values;<\/li>\n\n\n\n<li>introduce the youth workers to human rights and anti-hate speech tools to eliminate such form of violence;<\/li>\n\n\n\n<li>empower youth workers to stand up for human rights offline and online;<\/li>\n\n\n\n<li>enable sharing of good practices of anti-hate speech actions;<\/li>\n\n\n\n<li>and create new initiatives on the local and international level to combat sexist hate speech and hate speech against the LGBTIQ+ community.<\/li>\n<\/ul>\n\n\n\n<div style=\"height:20px\" aria-hidden=\"true\" class=\"wp-block-spacer\"><\/div>\n\n\n\n<p><\/p>\n\n\n\n<p><strong>Read the report and feedback from participants:<\/strong><\/p>\n\n\n\n<p><strong>Pre\u010d\u00edtajte si, ako prebehol projekt, <a href=\"https:\/\/www.edeqec.sk\/en\/ako-prebehol-nas-projekt-taking-action-against-sexist-hate-speech\/\" target=\"_blank\" rel=\"noreferrer noopener\">v na\u0161ich novink\u00e1ch!<\/a><\/strong><\/p>\n\n\n\n<p><a href=\"https:\/\/www.edeqec.sk\/en\/co-nam-dal-projekt-taking-action-against-sexist-hate-speech\/\">Pre\u010d\u00edtajte si, ak\u00e9 mali dojmy z projektu a ako ho vyu\u017eili po n\u00e1vrate domov \u00fa\u010dastn\u00edci a \u00fa\u010dastn\u00ed\u010dky.<\/a><\/p>","protected":false},"excerpt":{"rendered":"<p>TAKING ACTION AGAINST SEXIST HATE SPEECH TRAINING COURSE FOR YOUTH WORKERS AND YOUNG LEADERS DATE OF REALIZATION: Summer 2022 DURATION OF THE TRAINING: 9 days including travel PLACE: Slovakia PARTNER ORGANIZATIONS: TRAINING COURSE PROGRAMME AND RECOMMENDATIONS: https:\/\/www.edeqec.sk\/tips_and_tricks-2\/ The project was co-funded by the Erasmus+ Programme of the European Union. The project Taking Action Against Sexist Hate Speech aims to raise awareness among youth workers and young leaders about hate speech<\/p>\n<div class=\"belowpost\">\n<div class=\"postdate\">05\/05\/2021<\/div>\n<div><a class=\"more-link\" href=\"https:\/\/www.edeqec.sk\/en\/projekty\/taking-action-against-sexist-hate-speech\/\">Read More<\/a><\/div>\n<\/p><\/div>","protected":false},"author":1,"featured_media":0,"parent":158,"menu_order":0,"comment_status":"closed","ping_status":"closed","template":"","meta":[],"yoast_head":"<!-- This site is optimized with the Yoast SEO plugin v20.8 - https:\/\/yoast.com\/wordpress\/plugins\/seo\/ -->\n<title>Taking Action Against Sexist Hate Speech - Education for Equality and Ecology - EDEQEC<\/title>\n<meta name=\"description\" content=\"Let&#039;s stop sexist hate speech and hate speech against LGBTIQ+ community! Join the project &quot;Taking Action Against Sexist Hate Speech&quot;!\" \/>\n<meta name=\"robots\" content=\"index, follow, max-snippet:-1, max-image-preview:large, max-video-preview:-1\" \/>\n<link rel=\"canonical\" href=\"https:\/\/www.edeqec.sk\/en\/projekty\/taking-action-against-sexist-hate-speech\/\" \/>\n<meta property=\"og:locale\" content=\"en_GB\" \/>\n<meta property=\"og:type\" content=\"article\" \/>\n<meta property=\"og:title\" content=\"Taking Action Against Sexist Hate Speech - Education for Equality and Ecology - EDEQEC\" \/>\n<meta property=\"og:description\" content=\"Let&#039;s stop sexist hate speech and hate speech against LGBTIQ+ community! Join the project &quot;Taking Action Against Sexist Hate Speech&quot;!\" \/>\n<meta property=\"og:url\" content=\"https:\/\/www.edeqec.sk\/en\/projekty\/taking-action-against-sexist-hate-speech\/\" \/>\n<meta property=\"og:site_name\" content=\"Education for Equality and Ecology - EDEQEC\" \/>\n<meta property=\"article:publisher\" content=\"https:\/\/www.facebook.com\/edeqec\" \/>\n<meta property=\"article:modified_time\" content=\"2024-08-10T12:32:19+00:00\" \/>\n<meta property=\"og:image\" content=\"https:\/\/www.edeqec.sk\/wp-content\/uploads\/2023\/02\/Tips_and_tricks.pdf\" \/>\n<meta name=\"twitter:card\" content=\"summary_large_image\" \/>\n<meta name=\"twitter:label1\" content=\"Estimated reading time\" \/>\n\t<meta name=\"twitter:data1\" content=\"3 minutes\" \/>\n<script type=\"application\/ld+json\" class=\"yoast-schema-graph\">{\"@context\":\"https:\/\/schema.org\",\"@graph\":[{\"@type\":\"WebPage\",\"@id\":\"https:\/\/www.edeqec.sk\/projekty\/taking-action-against-sexist-hate-speech\/\",\"url\":\"https:\/\/www.edeqec.sk\/projekty\/taking-action-against-sexist-hate-speech\/\",\"name\":\"Taking Action Against Sexist Hate Speech - Education for Equality and Ecology - EDEQEC\",\"isPartOf\":{\"@id\":\"https:\/\/www.edeqec.sk\/#website\"},\"datePublished\":\"2021-05-05T13:17:51+00:00\",\"dateModified\":\"2024-08-10T12:32:19+00:00\",\"description\":\"Let's stop sexist hate speech and hate speech against LGBTIQ+ community! Join the project \\\"Taking Action Against Sexist Hate Speech\\\"!\",\"breadcrumb\":{\"@id\":\"https:\/\/www.edeqec.sk\/projekty\/taking-action-against-sexist-hate-speech\/#breadcrumb\"},\"inLanguage\":\"en-GB\",\"potentialAction\":[{\"@type\":\"ReadAction\",\"target\":[\"https:\/\/www.edeqec.sk\/projekty\/taking-action-against-sexist-hate-speech\/\"]}]},{\"@type\":\"BreadcrumbList\",\"@id\":\"https:\/\/www.edeqec.sk\/projekty\/taking-action-against-sexist-hate-speech\/#breadcrumb\",\"itemListElement\":[{\"@type\":\"ListItem\",\"position\":1,\"name\":\"Home\",\"item\":\"https:\/\/www.edeqec.sk\/\"},{\"@type\":\"ListItem\",\"position\":2,\"name\":\"Projekty\",\"item\":\"https:\/\/www.edeqec.sk\/projekty\/\"},{\"@type\":\"ListItem\",\"position\":3,\"name\":\"Taking Action Against Sexist Hate Speech\"}]},{\"@type\":\"WebSite\",\"@id\":\"https:\/\/www.edeqec.sk\/#website\",\"url\":\"https:\/\/www.edeqec.sk\/\",\"name\":\"Education for Equality and Ecology - EDEQEC\",\"description\":\"\",\"potentialAction\":[{\"@type\":\"SearchAction\",\"target\":{\"@type\":\"EntryPoint\",\"urlTemplate\":\"https:\/\/www.edeqec.sk\/?s={search_term_string}\"},\"query-input\":\"required name=search_term_string\"}],\"inLanguage\":\"en-GB\"}]}<\/script>\n<!-- \/ Yoast SEO plugin. -->","yoast_head_json":{"title":"Taking Action Against Sexist Hate Speech - Education for Equality and Ecology - EDEQEC","description":"Let's stop sexist hate speech and hate speech against LGBTIQ+ community! Join the project \"Taking Action Against Sexist Hate Speech\"!","robots":{"index":"index","follow":"follow","max-snippet":"max-snippet:-1","max-image-preview":"max-image-preview:large","max-video-preview":"max-video-preview:-1"},"canonical":"https:\/\/www.edeqec.sk\/en\/projekty\/taking-action-against-sexist-hate-speech\/","og_locale":"en_GB","og_type":"article","og_title":"Taking Action Against Sexist Hate Speech - Education for Equality and Ecology - EDEQEC","og_description":"Let's stop sexist hate speech and hate speech against LGBTIQ+ community! Join the project \"Taking Action Against Sexist Hate Speech\"!","og_url":"https:\/\/www.edeqec.sk\/en\/projekty\/taking-action-against-sexist-hate-speech\/","og_site_name":"Education for Equality and Ecology - EDEQEC","article_publisher":"https:\/\/www.facebook.com\/edeqec","article_modified_time":"2024-08-10T12:32:19+00:00","og_image":[{"url":"https:\/\/www.edeqec.sk\/wp-content\/uploads\/2023\/02\/Tips_and_tricks.pdf"}],"twitter_card":"summary_large_image","twitter_misc":{"Estimated reading time":"3 minutes"},"schema":{"@context":"https:\/\/schema.org","@graph":[{"@type":"WebPage","@id":"https:\/\/www.edeqec.sk\/projekty\/taking-action-against-sexist-hate-speech\/","url":"https:\/\/www.edeqec.sk\/projekty\/taking-action-against-sexist-hate-speech\/","name":"Taking Action Against Sexist Hate Speech - Education for Equality and Ecology - EDEQEC","isPartOf":{"@id":"https:\/\/www.edeqec.sk\/#website"},"datePublished":"2021-05-05T13:17:51+00:00","dateModified":"2024-08-10T12:32:19+00:00","description":"Let's stop sexist hate speech and hate speech against LGBTIQ+ community! Join the project \"Taking Action Against Sexist Hate Speech\"!","breadcrumb":{"@id":"https:\/\/www.edeqec.sk\/projekty\/taking-action-against-sexist-hate-speech\/#breadcrumb"},"inLanguage":"en-GB","potentialAction":[{"@type":"ReadAction","target":["https:\/\/www.edeqec.sk\/projekty\/taking-action-against-sexist-hate-speech\/"]}]},{"@type":"BreadcrumbList","@id":"https:\/\/www.edeqec.sk\/projekty\/taking-action-against-sexist-hate-speech\/#breadcrumb","itemListElement":[{"@type":"ListItem","position":1,"name":"Home","item":"https:\/\/www.edeqec.sk\/"},{"@type":"ListItem","position":2,"name":"Projekty","item":"https:\/\/www.edeqec.sk\/projekty\/"},{"@type":"ListItem","position":3,"name":"Taking Action Against Sexist Hate Speech"}]},{"@type":"WebSite","@id":"https:\/\/www.edeqec.sk\/#website","url":"https:\/\/www.edeqec.sk\/","name":"Education for Equality and Ecology - EDEQEC","description":"","potentialAction":[{"@type":"SearchAction","target":{"@type":"EntryPoint","urlTemplate":"https:\/\/www.edeqec.sk\/?s={search_term_string}"},"query-input":"required name=search_term_string"}],"inLanguage":"en-GB"}]}},"_links":{"self":[{"href":"https:\/\/www.edeqec.sk\/en\/wp-json\/wp\/v2\/pages\/298"}],"collection":[{"href":"https:\/\/www.edeqec.sk\/en\/wp-json\/wp\/v2\/pages"}],"about":[{"href":"https:\/\/www.edeqec.sk\/en\/wp-json\/wp\/v2\/types\/page"}],"author":[{"embeddable":true,"href":"https:\/\/www.edeqec.sk\/en\/wp-json\/wp\/v2\/users\/1"}],"replies":[{"embeddable":true,"href":"https:\/\/www.edeqec.sk\/en\/wp-json\/wp\/v2\/comments?post=298"}],"version-history":[{"count":6,"href":"https:\/\/www.edeqec.sk\/en\/wp-json\/wp\/v2\/pages\/298\/revisions"}],"predecessor-version":[{"id":487,"href":"https:\/\/www.edeqec.sk\/en\/wp-json\/wp\/v2\/pages\/298\/revisions\/487"}],"up":[{"embeddable":true,"href":"https:\/\/www.edeqec.sk\/en\/wp-json\/wp\/v2\/pages\/158"}],"wp:attachment":[{"href":"https:\/\/www.edeqec.sk\/en\/wp-json\/wp\/v2\/media?parent=298"}],"curies":[{"name":"wp","href":"https:\/\/api.w.org\/{rel}","templated":true}]}}