{"id":615,"date":"2025-03-17T17:26:20","date_gmt":"2025-03-17T16:26:20","guid":{"rendered":"https:\/\/www.edeqec.sk\/?page_id=615"},"modified":"2025-05-21T06:47:55","modified_gmt":"2025-05-21T04:47:55","slug":"pozvanka-na-workshop-zabudnute-pribehy-zien","status":"publish","type":"page","link":"https:\/\/www.edeqec.sk\/en\/pozvanka-na-workshop-zabudnute-pribehy-zien\/","title":{"rendered":"Zapojte sa do vzdel\u00e1vacieho programu"},"content":{"rendered":"<h1 class=\"wp-block-heading\"><strong><mark style=\"background-color:rgba(0, 0, 0, 0);color:#b93f68\" class=\"has-inline-color\">Zabudnut\u00e9 pr\u00edbehy \u017eien &#8211; ako nevynech\u00e1va\u0165 \u017eeny z obsahu vzdel\u00e1vania o obdob\u00ed Slovensk\u00e9ho \u0161t\u00e1tu<\/mark><\/strong><\/h1>\n\n\n\n<h2 class=\"wp-block-heading\">Workshop pre u\u010dite\u013estvo, pracovn\u00edkov a pracovn\u00ed\u010dky s ml\u00e1de\u017eou a \u010fal\u0161ie z\u00e1ujemkyne a z\u00e1ujemcov, 13.-15.6.2025<\/h2>\n\n\n\n<p class=\"has-white-color has-text-color\">&#8212;<\/p>\n\n\n\n<div class=\"wp-block-group is-layout-constrained\"><div class=\"wp-block-group__inner-container\">\n<div class=\"wp-block-columns is-layout-flex wp-container-3\">\n<div class=\"wp-block-column is-layout-flow\" style=\"flex-basis:100%\">\n<div class=\"wp-block-group is-nowrap is-layout-flex wp-container-1\"><div class=\"wp-block-image\">\n<figure class=\"aligncenter size-large is-resized\"><img decoding=\"async\" loading=\"lazy\" src=\"https:\/\/www.edeqec.sk\/wp-content\/uploads\/2025\/03\/472858747_122200078910046933_7723304949859750629_n-1024x768.jpg\" alt=\"vzdel\u00e1vanie o \u013eudsk\u00fdch pr\u00e1vach prostredn\u00edctvom hier\" class=\"wp-image-642\" width=\"446\" height=\"335\" srcset=\"https:\/\/www.edeqec.sk\/wp-content\/uploads\/2025\/03\/472858747_122200078910046933_7723304949859750629_n-1024x768.jpg 1024w, https:\/\/www.edeqec.sk\/wp-content\/uploads\/2025\/03\/472858747_122200078910046933_7723304949859750629_n-300x225.jpg 300w, https:\/\/www.edeqec.sk\/wp-content\/uploads\/2025\/03\/472858747_122200078910046933_7723304949859750629_n-768x576.jpg 768w, https:\/\/www.edeqec.sk\/wp-content\/uploads\/2025\/03\/472858747_122200078910046933_7723304949859750629_n-16x12.jpg 16w, https:\/\/www.edeqec.sk\/wp-content\/uploads\/2025\/03\/472858747_122200078910046933_7723304949859750629_n.jpg 1280w\" sizes=\"(max-width: 446px) 100vw, 446px\" \/><\/figure><\/div>\n\n<div class=\"wp-block-image\">\n<figure class=\"aligncenter size-large is-resized\"><img decoding=\"async\" loading=\"lazy\" src=\"https:\/\/www.edeqec.sk\/wp-content\/uploads\/2025\/03\/473741315_1512045019720556_6710464151326106374_n-1024x768.jpg\" alt=\"z\u00e1\u017eitkov\u00e9 vzdel\u00e1vanie v pr\u00edrode\" class=\"wp-image-634\" width=\"447\" height=\"335\" srcset=\"https:\/\/www.edeqec.sk\/wp-content\/uploads\/2025\/03\/473741315_1512045019720556_6710464151326106374_n-1024x768.jpg 1024w, https:\/\/www.edeqec.sk\/wp-content\/uploads\/2025\/03\/473741315_1512045019720556_6710464151326106374_n-300x225.jpg 300w, https:\/\/www.edeqec.sk\/wp-content\/uploads\/2025\/03\/473741315_1512045019720556_6710464151326106374_n-768x576.jpg 768w, https:\/\/www.edeqec.sk\/wp-content\/uploads\/2025\/03\/473741315_1512045019720556_6710464151326106374_n-1536x1152.jpg 1536w, https:\/\/www.edeqec.sk\/wp-content\/uploads\/2025\/03\/473741315_1512045019720556_6710464151326106374_n-16x12.jpg 16w, https:\/\/www.edeqec.sk\/wp-content\/uploads\/2025\/03\/473741315_1512045019720556_6710464151326106374_n.jpg 1600w\" sizes=\"(max-width: 447px) 100vw, 447px\" \/><\/figure><\/div><\/div>\n<\/div>\n<\/div>\n<\/div><\/div>\n\n\n\n<div class=\"wp-block-group is-layout-constrained\"><div class=\"wp-block-group__inner-container\">\n<div class=\"wp-block-group is-vertical is-layout-flex wp-container-6\">\n<div class=\"wp-block-group is-layout-constrained\"><div class=\"wp-block-group__inner-container\">\n<ul>\n<li><em>Chcete, aby Va\u0161e \u0161tudentky a \u0161tudenti poznali aspo\u0148 tri v\u00fdznamn\u00e9 \u017eeny zo slovenskej hist\u00f3rie?<\/em><\/li>\n\n\n\n<li><em>H\u013ead\u00e1te nov\u00e9 n\u00e1pady ako zauja\u0165 mlad\u00fdch pri t\u00e9me Slovensk\u00e9ho \u0161t\u00e1tu a odboja po\u010das druhej svetovej vojny?<\/em> <\/li>\n\n\n\n<li><em>Pova\u017eujete za d\u00f4le\u017eit\u00e9 prep\u00e1ja\u0165 poznatky o na\u0161ej minulosti so s\u00fa\u010dasnos\u0165ou?<\/em> <\/li>\n<\/ul>\n\n\n\n<p><strong>Pridajte sa do n\u00e1\u0161ho programu<\/strong>, v ktorom si vysk\u00fa\u0161ate nov\u00e9 aktivity, prisp\u00f4sob\u00edte ich pre svoju skupinu a dostanete k tomu mal\u00fd grant na miniprojekt v hodnote 500 EUR.<\/p>\n<\/div><\/div>\n<\/div>\n<\/div><\/div>\n\n\n\n<hr class=\"wp-block-separator has-alpha-channel-opacity is-style-dots\"\/>\n\n\n\n<p><strong>Poz\u00fdvame V\u00e1s na \u00favodn\u00fd workshop \u201eZabudnut\u00e9 pr\u00edbehy \u017eien &#8211; ako nevynech\u00e1va\u0165 \u017eeny z obsahu vzdel\u00e1vania o obdob\u00ed Slovensk\u00e9ho \u0161t\u00e1tu\u201c, <\/strong>ktor\u00fd organizujeme<strong> 13.-15.6.2025.&nbsp;<\/strong><\/p>\n\n\n\n<p>Na workshope V\u00e1m predstav\u00edme <strong>metodick\u00fa pr\u00edru\u010dku<\/strong>, ktor\u00e1 obsahuje aktivity zvidite\u013enuj\u00face <strong>pr\u00edbehy \u017eien<\/strong>   <strong>slovenskej hist\u00f3rie<\/strong> <strong>a ich \u00falohu v odboji proti re\u017eimu Slovensk\u00e9ho \u0161t\u00e1tu<\/strong>. V&nbsp;pr\u00edru\u010dke pracujeme aj s r\u00f4znymi podobami starostlivosti od starostlivosti o seba, najbli\u017e\u0161\u00edch a komunitu a\u017e po starostlivos\u0165 o spolo\u010dnos\u0165, pr\u00edrodu, bud\u00facnos\u0165 a svet ako tak\u00fd. Na minulos\u0165 sa nepozer\u00e1me ako na nie\u010do uzavret\u00e9, ale h\u013ead\u00e1me v nej n\u00e1h\u013eady potrebn\u00e9 pre zvl\u00e1dnutie s\u00fa\u010dasn\u00fdch v\u00fdziev.<\/p>\n\n\n\n<p>Po\u010das workshopu budete ma\u0165 mo\u017enos\u0165 vysk\u00fa\u0161a\u0165 si r\u00f4zne pr\u00edstupy <strong>z\u00e1\u017eitkov\u00e9ho u\u010denia, ako s\u00fa napr\u00edklad prvky outdoorov\u00e9ho vzdel\u00e1vania, divadeln\u00e9 met\u00f3dy, fotografiu a vizu\u00e1lne umenie alebo digit\u00e1lne technol\u00f3gie.<\/strong><\/p>\n\n\n\n<p>Po \u00favodnom workshope <strong>podpor\u00edme 15 vybran\u00fdch \u00fa\u010dastn\u00ed\u010dok a&nbsp;\u00fa\u010dastn\u00edkov v&nbsp;realiz\u00e1cii vlastn\u00fdch miniprojektov<\/strong> zameran\u00fdch na testovanie vzdel\u00e1vac\u00edch aktiv\u00edt z pr\u00edru\u010dky. Na realiz\u00e1ciu ka\u017ed\u00e9ho miniprojektu poskytneme <strong>mal\u00fd grant vo v\u00fd\u0161ke 500 EUR<\/strong>. V\u010faka spolupr\u00e1ci s Vami over\u00edme aktivity v r\u00f4znych vzdel\u00e1vac\u00edch prostrediach a spracujeme ich do fin\u00e1lnej verzie pr\u00edru\u010dky.<\/p>\n\n\n\n<hr class=\"wp-block-separator has-alpha-channel-opacity is-style-dots\"\/>\n\n\n\n<h3 class=\"wp-block-heading\"><strong>Who is the workshop for?<\/strong><\/h3>\n\n\n\n<ul>\n<li>Pre pracovn\u00ed\u010dky a&nbsp;pracovn\u00edkov s&nbsp;ml\u00e1de\u017eou,<\/li>\n\n\n\n<li>pracovn\u00ed\u010dky a&nbsp;pracovn\u00edkov neziskov\u00fdch organiz\u00e1ci\u00ed,<\/li>\n\n\n\n<li>u\u010dite\u013eky a&nbsp;u\u010dite\u013eov&nbsp; Z\u0160 a S\u0160 (dejepisu, n\u00e1uky o&nbsp;spolo\u010dnosti, etiky i&nbsp;\u010fal\u0161\u00edch predmetov)<\/li>\n\n\n\n<li>\u010fal\u0161ie z\u00e1ujemkyne a&nbsp;z\u00e1ujemcov, ktor\u00e9*\u00ed pracuj\u00fa alebo vykon\u00e1vaj\u00fa dobrovo\u013en\u00edcku \u010dinnos\u0165 v&nbsp;oblasti vzdel\u00e1vania a&nbsp;pr\u00e1ce s&nbsp;de\u0165mi alebo&nbsp;ml\u00e1de\u017eou.<\/li>\n<\/ul>\n\n\n\n<hr class=\"wp-block-separator has-alpha-channel-opacity is-style-dots\"\/>\n\n\n\n<h3 class=\"wp-block-heading\"><strong>When?<\/strong><\/h3>\n\n\n\n<p><strong>Prv\u00fd workshop<\/strong> sa uskuto\u010dn\u00ed <strong>13.-15. j\u00fana 2025<\/strong> <strong>(piatok &#8211; nede\u013ea)<\/strong>.<\/p>\n\n\n\n<p><strong>Druh\u00fd workshop<\/strong> pre 15 \u00fa\u010dastn\u00edkov*\u010dok, ktor\u00ed*\u00e9 bud\u00fa realizova\u0165 miniprojekty, sa uskuto\u010dn\u00ed v okt\u00f3bri 2025 (term\u00edn bude ur\u010den\u00fd na z\u00e1klade dohody).<\/p>\n\n\n\n<p>Medzi prv\u00fdm a druh\u00fdm workshopom (j\u00fan a\u017e okt\u00f3ber) bude prebieha\u0165 <strong>online mentoring<\/strong> pre vybran\u00fdch 15 \u00fa\u010dastn\u00edkov*\u010dok.&nbsp;<\/p>\n\n\n\n<hr class=\"wp-block-separator has-alpha-channel-opacity is-style-dots\"\/>\n\n\n\n<h3 class=\"wp-block-heading\"><strong>Kde?<\/strong><\/h3>\n\n\n\n<p><strong>Miesto worskhopu:<\/strong> penzi\u00f3n Gejd\u00e1k, Ru\u017eomberok.<\/p>\n\n\n\n<p>Ubytovanie a cestovn\u00e9 n\u00e1klady vo v\u00fd\u0161ke ceny verejnej prepravy V\u00e1m bud\u00fa preplaten\u00e9.<\/p>\n\n\n\n<p>Pozn.: Ubytovanie a \u0161koliaca miestnos\u0165 nie s\u00fa bezbari\u00e9rov\u00e9.<\/p>\n\n\n\n<hr class=\"wp-block-separator has-alpha-channel-opacity is-style-dots\"\/>\n\n\n\n<h3 class=\"wp-block-heading\"><strong>Registration<\/strong><\/h3>\n\n\n\n<p>Pre prihl\u00e1senie na workshop <strong><a href=\"https:\/\/forms.gle\/nac6gfQdKTopvm7E7\" target=\"_blank\" rel=\"noreferrer noopener\"><mark style=\"background-color:rgba(0, 0, 0, 0)\" class=\"has-inline-color has-vivid-cyan-blue-color\">vypl\u0148te registra\u010dn\u00fd formul\u00e1r<\/mark><\/a><\/strong>.<\/p>\n\n\n\n<p>Prihl\u00e1\u0161ky prij\u00edmame do naplnenia kapacity.<\/p>\n\n\n\n<hr class=\"wp-block-separator has-alpha-channel-opacity is-style-dots\"\/>\n\n\n\n<h3 class=\"wp-block-heading\"><strong>Workshop v\u00e1s zaujal, ale nie ste si ist\u00e1*\u00fd, \u010di je ur\u010den\u00fd pre v\u00e1s?<\/strong>&nbsp;<\/h3>\n\n\n\n<div class=\"wp-block-group is-layout-constrained\"><div class=\"wp-block-group__inner-container\">\n<ul>\n<li>Prek\u00e1\u017ea v\u00e1m, \u017ee u\u010debnice dejepisu, n\u00e1uky o&nbsp;spolo\u010dnosti \u010di \u010fal\u0161\u00edch predmetov obsahuj\u00fa pr\u00edli\u0161 m\u00e1lo \u017eien a&nbsp;chceli by ste to zmeni\u0165?<\/li>\n\n\n\n<li>Zauj\u00edmate sa o \u013eudskopr\u00e1vne vzdel\u00e1vanie, prep\u00e1janie minulosti so s\u00fa\u010dasn\u00fdmi t\u00e9mami, obdobie druhej svetovej vojny a&nbsp;Slovensk\u00e9ho \u0161t\u00e1tu?<\/li>\n\n\n\n<li>Chcete sa nau\u010di\u0165 nov\u00e9 vzdel\u00e1vacie met\u00f3dy a&nbsp;aktivity?<\/li>\n\n\n\n<li>Zauj\u00edmate sa o z\u00e1\u017eitkov\u00e9 vzdel\u00e1vanie a chcete zisti\u0165, ako m\u00f4\u017eete vo v\u00fduke vyu\u017e\u00edva\u0165 umenie, outdoor vzdel\u00e1vanie \u010di digit\u00e1lne n\u00e1stroje?<\/li>\n\n\n\n<li>Chcete sa dozvedie\u0165 viac o&nbsp;pr\u00edbehoch \u017eien zapojen\u00fdch do odboja po\u010das druhej svetovej vojny a&nbsp;\u0161\u00edri\u0165 ich pr\u00edbehy \u010falej?<\/li>\n\n\n\n<li>Chcete prispie\u0165 k&nbsp;finaliz\u00e1cii metodickej pr\u00edru\u010dky testovan\u00edm aktiv\u00edt a&nbsp;tvorbou vlastn\u00e9ho miniprojektu?<\/li>\n\n\n\n<li>Chcete sa prepoji\u0165 s&nbsp;\u010fal\u0161\u00edmi odborn\u00edkmi*\u010dkami a&nbsp;pracovn\u00edkmi*\u010dkami v&nbsp;oblasti vzdel\u00e1vania a&nbsp;navz\u00e1jom zdie\u013ea\u0165 svoje sk\u00fasenosti?<\/li>\n<\/ul>\n<\/div><\/div>\n\n\n\n<p>Ak ste aspo\u0148 na tri ot\u00e1zky odpovedali kladne, ur\u010dite sa prihl\u00e1ste!<\/p>\n\n\n\n<hr class=\"wp-block-separator has-alpha-channel-opacity is-style-dots\"\/>\n\n\n\n<h3 class=\"wp-block-heading\"><strong>Workshopom v\u00e1s bud\u00fa sprev\u00e1dza\u0165:<\/strong><\/h3>\n\n\n\n<p><strong>Michaela Ujh\u00e1zyov\u00e1<\/strong>&nbsp;je \u0161kolite\u013ekou vzdel\u00e1vania k \u013eudsk\u00fdm pr\u00e1vam viac ako desa\u0165 rokov. Sk\u00fasenosti z\u00edskala ako programov\u00e1 koordin\u00e1torka vzdel\u00e1vania k \u013eudsk\u00fdm pr\u00e1vam a \u0161kolite\u013eka pre Iuventa &#8211; Slovensk\u00fd in\u0161tit\u00fat ml\u00e1de\u017ee, \u0161kolite\u013eka v programe vzdel\u00e1vania Akad\u00e9mia \u013eudsk\u00fdch pr\u00e1v \u0160t\u00e1tneho pedagogick\u00e9ho \u00fastavu, Outward Bound Slovakia, EDEQEC a v mnoh\u00fdch men\u0161\u00edch spolupr\u00e1cach na medzin\u00e1rodn\u00fdch projektoch v oblasti pr\u00e1ce s ml\u00e1de\u017eou. Aktu\u00e1lne pracuje ako ved\u00faca v\u00fdskumn\u00e9ho a analytick\u00e9ho t\u00edmu v Slovenskom n\u00e1rodnom stredisku pre \u013eudsk\u00e9 pr\u00e1va a facilit\u00e1torka na vo\u013enej nohe.<\/p>\n\n\n\n<p><strong>Magdal\u00e9na Musilov\u00e1<\/strong>&nbsp;sa dlhodobo venuje \u013eudsk\u00fdm pr\u00e1vam a rodovej rovnosti. P\u00f4sob\u00ed v akad\u00e9mii a neziskovom sektore. Od roku 2021 \u0161kol\u00ed v t\u00e9me prevencie a rie\u0161enia sexu\u00e1lneho ob\u0165a\u017eovania na pracovisku a akad\u00e9mii a spolupracuje s organiz\u00e1ciami pri tvorbe ich intern\u00fdch syst\u00e9mov nahlasovania a rie\u0161enia sexu\u00e1lneho ob\u0165a\u017eovania. V\u00fdskumne sa venuje aj t\u00e9me sk\u00fasenosti \u013eudskopr\u00e1vnych ochrank\u00fd\u0148 a ochrancov na Slovensku. Aktu\u00e1lne participuje na n\u00e1rodnom projekte DiTEdu, ktor\u00fd sa zameriava na zap\u00e1janie digit\u00e1lnych technol\u00f3gi\u00ed do vzdel\u00e1vania na z\u00e1kladn\u00fdch a stredn\u00fdch \u0161kol\u00e1ch.&nbsp;<\/p>\n\n\n\n<p><strong>Veronika Kusyov\u00e1<\/strong>&nbsp;sa profesijne zameriava na radikaliz\u00e1ciu, extr\u00e9mizmus, pr\u00e1va \u017eien a ich postavenia v n\u00e1bo\u017eenstv\u00e1ch a Z\u00e1padn\u00fd Balk\u00e1n. Po vypuknut\u00ed ve\u013ekej vojny na Ukrajine viedla misiu na Ukrajine. M\u00e1 sk\u00fasenosti s programov\u00fdm a projektov\u00fdm mana\u017ementom v humanit\u00e1rnej a rozvojovej oblasti, ako i s v\u00fdskumom. V neform\u00e1lnom vzdel\u00e1van\u00ed rada vyu\u017e\u00edva z\u00e1\u017eitkov\u00e9 u\u010denie. \u0160tudovala a pracovala vo viacer\u00fdch eur\u00f3pskych krajin\u00e1ch ako Alb\u00e1nsko, Belgicko, Bosna a Hercegovina, \u010cesko, Chorv\u00e1tsko, Slovensko, Srbsko, Ukrajina \u010di Ve\u013ek\u00e1 Brit\u00e1nia.<\/p>\n\n\n\n<p><strong>Ivana Godulov\u00e1<\/strong>&nbsp;sa venuje t\u00e9mam na priese\u010dn\u00edkoch rodu, etnicity\/rasy, triedy, zdravotn\u00e9ho znev\u00fdhodnenia a SOGI. \u0160tudovala \u013eudsk\u00e9 pr\u00e1va, filozofiu a u\u010dite\u013estvo z\u00e1kladov spolo\u010densk\u00fdch vied a p\u00f4sobila na projektoch ob\u010dianskej spolo\u010dnosti a v humanit\u00e1rnej oblasti v Bulharsku, Alb\u00e1nsku, Bosne a Hercegovine, Ukrajine a na Slovensku. \u0160tuduje arteterapiu a experimentuje s umeleck\u00fdmi met\u00f3dami vo vzdel\u00e1van\u00ed.<\/p>\n\n\n\n<hr class=\"wp-block-separator has-alpha-channel-opacity is-style-dots\"\/>\n\n\n\n<p>V pr\u00edpade ot\u00e1zok n\u00e1s kontaktujte na <a href=\"mailto:ivana@edeqec.sk\"><strong>ivana@edeqec.sk<\/strong><\/a><\/p>\n\n\n\n<hr class=\"wp-block-separator has-alpha-channel-opacity is-style-dots\"\/>\n\n\n\n<p>Vzdel\u00e1vac\u00ed program realizuje ob\u010dianske zdru\u017eenie <strong><a href=\"https:\/\/www.edeqec.sk\/en\/\" target=\"_blank\" rel=\"noreferrer noopener\">Education for Equality and Ecology - Edeqec<\/a><\/strong> within the project <a href=\"https:\/\/www.edeqec.sk\/en\/projekty\/zabudnute-pribehy-zien-rozne-aspekty-starostlivosti-v-obdobi-slovenskeho-statu-1939-1945\/\" target=\"_blank\" rel=\"noreferrer noopener\"><strong>\"Forgotten Herstories: Addressing Various Aspects of Care in the Slovak State (1939-1945)\"<\/strong><\/a>supported by <strong><a href=\"https:\/\/www.stiftung-evz.de\/en\/\" target=\"_blank\" rel=\"noreferrer noopener\">EVZ Foundation<\/a><\/strong>.<\/p>\n\n\n\n<hr class=\"wp-block-separator has-alpha-channel-opacity is-style-dots\"\/>","protected":false},"excerpt":{"rendered":"<p>Zapojte sa do vzdel\u00e1vacieho programu Zabudnut\u00e9 pr\u00edbehy \u017eien &#8211; ako nevynech\u00e1va\u0165 \u017eeny z obsahu vzdel\u00e1vania o obdob\u00ed Slovensk\u00e9ho \u0161t\u00e1tu. <\/p>\n<div class=\"belowpost\">\n<div class=\"postdate\">17\/03\/2025<\/div>\n<div><a class=\"more-link\" href=\"https:\/\/www.edeqec.sk\/en\/pozvanka-na-workshop-zabudnute-pribehy-zien\/\">Read More<\/a><\/div>\n<\/p><\/div>","protected":false},"author":1,"featured_media":0,"parent":0,"menu_order":0,"comment_status":"closed","ping_status":"closed","template":"","meta":[],"yoast_head":"<!-- This site is optimized with the Yoast SEO plugin v20.8 - https:\/\/yoast.com\/wordpress\/plugins\/seo\/ -->\n<title>Zapojte sa do vzdel\u00e1vacieho programu - Education for Equality and Ecology - EDEQEC<\/title>\n<meta name=\"description\" content=\"Poz\u00fdvame V\u00e1s na workshop &quot;Zabudnut\u00e9 pr\u00edbehy \u017eien - ako nevynech\u00e1va\u0165 \u017eeny z obsahu vzdel\u00e1vania&quot; o \u017een\u00e1ch v hist\u00f3rii formou z\u00e1\u017eitkov\u00e9ho u\u010denia.\" \/>\n<meta name=\"robots\" content=\"index, follow, max-snippet:-1, max-image-preview:large, max-video-preview:-1\" \/>\n<link rel=\"canonical\" href=\"https:\/\/www.edeqec.sk\/en\/pozvanka-na-workshop-zabudnute-pribehy-zien\/\" \/>\n<meta property=\"og:locale\" content=\"en_GB\" \/>\n<meta property=\"og:type\" content=\"article\" \/>\n<meta property=\"og:title\" content=\"Zapojte sa do vzdel\u00e1vacieho programu - Education for Equality and Ecology - EDEQEC\" \/>\n<meta property=\"og:description\" content=\"Poz\u00fdvame V\u00e1s na workshop &quot;Zabudnut\u00e9 pr\u00edbehy \u017eien - ako nevynech\u00e1va\u0165 \u017eeny z obsahu vzdel\u00e1vania&quot; o \u017een\u00e1ch v hist\u00f3rii formou z\u00e1\u017eitkov\u00e9ho u\u010denia.\" \/>\n<meta property=\"og:url\" content=\"https:\/\/www.edeqec.sk\/en\/pozvanka-na-workshop-zabudnute-pribehy-zien\/\" \/>\n<meta property=\"og:site_name\" content=\"Education for Equality and Ecology - EDEQEC\" \/>\n<meta property=\"article:publisher\" content=\"https:\/\/www.facebook.com\/edeqec\" \/>\n<meta property=\"article:modified_time\" content=\"2025-05-21T04:47:55+00:00\" \/>\n<meta property=\"og:image\" content=\"https:\/\/www.edeqec.sk\/wp-content\/uploads\/2025\/03\/472858747_122200078910046933_7723304949859750629_n-1024x768.jpg\" \/>\n<meta name=\"twitter:card\" content=\"summary_large_image\" \/>\n<meta name=\"twitter:label1\" content=\"Estimated reading time\" \/>\n\t<meta name=\"twitter:data1\" content=\"6 minutes\" \/>\n<script type=\"application\/ld+json\" class=\"yoast-schema-graph\">{\"@context\":\"https:\/\/schema.org\",\"@graph\":[{\"@type\":\"WebPage\",\"@id\":\"https:\/\/www.edeqec.sk\/pozvanka-na-workshop-zabudnute-pribehy-zien\/\",\"url\":\"https:\/\/www.edeqec.sk\/pozvanka-na-workshop-zabudnute-pribehy-zien\/\",\"name\":\"Zapojte sa do vzdel\u00e1vacieho programu - Education for Equality and Ecology - EDEQEC\",\"isPartOf\":{\"@id\":\"https:\/\/www.edeqec.sk\/#website\"},\"datePublished\":\"2025-03-17T16:26:20+00:00\",\"dateModified\":\"2025-05-21T04:47:55+00:00\",\"description\":\"Poz\u00fdvame V\u00e1s na workshop \\\"Zabudnut\u00e9 pr\u00edbehy \u017eien - ako nevynech\u00e1va\u0165 \u017eeny z obsahu vzdel\u00e1vania\\\" o \u017een\u00e1ch v hist\u00f3rii formou z\u00e1\u017eitkov\u00e9ho u\u010denia.\",\"breadcrumb\":{\"@id\":\"https:\/\/www.edeqec.sk\/pozvanka-na-workshop-zabudnute-pribehy-zien\/#breadcrumb\"},\"inLanguage\":\"en-GB\",\"potentialAction\":[{\"@type\":\"ReadAction\",\"target\":[\"https:\/\/www.edeqec.sk\/pozvanka-na-workshop-zabudnute-pribehy-zien\/\"]}]},{\"@type\":\"BreadcrumbList\",\"@id\":\"https:\/\/www.edeqec.sk\/pozvanka-na-workshop-zabudnute-pribehy-zien\/#breadcrumb\",\"itemListElement\":[{\"@type\":\"ListItem\",\"position\":1,\"name\":\"Home\",\"item\":\"https:\/\/www.edeqec.sk\/\"},{\"@type\":\"ListItem\",\"position\":2,\"name\":\"Zapojte sa do vzdel\u00e1vacieho programu\"}]},{\"@type\":\"WebSite\",\"@id\":\"https:\/\/www.edeqec.sk\/#website\",\"url\":\"https:\/\/www.edeqec.sk\/\",\"name\":\"Education for Equality and Ecology - EDEQEC\",\"description\":\"\",\"potentialAction\":[{\"@type\":\"SearchAction\",\"target\":{\"@type\":\"EntryPoint\",\"urlTemplate\":\"https:\/\/www.edeqec.sk\/?s={search_term_string}\"},\"query-input\":\"required name=search_term_string\"}],\"inLanguage\":\"en-GB\"}]}<\/script>\n<!-- \/ Yoast SEO plugin. -->","yoast_head_json":{"title":"Zapojte sa do vzdel\u00e1vacieho programu - Education for Equality and Ecology - EDEQEC","description":"Poz\u00fdvame V\u00e1s na workshop \"Zabudnut\u00e9 pr\u00edbehy \u017eien - ako nevynech\u00e1va\u0165 \u017eeny z obsahu vzdel\u00e1vania\" o \u017een\u00e1ch v hist\u00f3rii formou z\u00e1\u017eitkov\u00e9ho u\u010denia.","robots":{"index":"index","follow":"follow","max-snippet":"max-snippet:-1","max-image-preview":"max-image-preview:large","max-video-preview":"max-video-preview:-1"},"canonical":"https:\/\/www.edeqec.sk\/en\/pozvanka-na-workshop-zabudnute-pribehy-zien\/","og_locale":"en_GB","og_type":"article","og_title":"Zapojte sa do vzdel\u00e1vacieho programu - Education for Equality and Ecology - EDEQEC","og_description":"Poz\u00fdvame V\u00e1s na workshop \"Zabudnut\u00e9 pr\u00edbehy \u017eien - ako nevynech\u00e1va\u0165 \u017eeny z obsahu vzdel\u00e1vania\" o \u017een\u00e1ch v hist\u00f3rii formou z\u00e1\u017eitkov\u00e9ho u\u010denia.","og_url":"https:\/\/www.edeqec.sk\/en\/pozvanka-na-workshop-zabudnute-pribehy-zien\/","og_site_name":"Education for Equality and Ecology - EDEQEC","article_publisher":"https:\/\/www.facebook.com\/edeqec","article_modified_time":"2025-05-21T04:47:55+00:00","og_image":[{"url":"https:\/\/www.edeqec.sk\/wp-content\/uploads\/2025\/03\/472858747_122200078910046933_7723304949859750629_n-1024x768.jpg"}],"twitter_card":"summary_large_image","twitter_misc":{"Estimated reading time":"6 minutes"},"schema":{"@context":"https:\/\/schema.org","@graph":[{"@type":"WebPage","@id":"https:\/\/www.edeqec.sk\/pozvanka-na-workshop-zabudnute-pribehy-zien\/","url":"https:\/\/www.edeqec.sk\/pozvanka-na-workshop-zabudnute-pribehy-zien\/","name":"Zapojte sa do vzdel\u00e1vacieho programu - Education for Equality and Ecology - EDEQEC","isPartOf":{"@id":"https:\/\/www.edeqec.sk\/#website"},"datePublished":"2025-03-17T16:26:20+00:00","dateModified":"2025-05-21T04:47:55+00:00","description":"Poz\u00fdvame V\u00e1s na workshop \"Zabudnut\u00e9 pr\u00edbehy \u017eien - ako nevynech\u00e1va\u0165 \u017eeny z obsahu vzdel\u00e1vania\" o \u017een\u00e1ch v hist\u00f3rii formou z\u00e1\u017eitkov\u00e9ho u\u010denia.","breadcrumb":{"@id":"https:\/\/www.edeqec.sk\/pozvanka-na-workshop-zabudnute-pribehy-zien\/#breadcrumb"},"inLanguage":"en-GB","potentialAction":[{"@type":"ReadAction","target":["https:\/\/www.edeqec.sk\/pozvanka-na-workshop-zabudnute-pribehy-zien\/"]}]},{"@type":"BreadcrumbList","@id":"https:\/\/www.edeqec.sk\/pozvanka-na-workshop-zabudnute-pribehy-zien\/#breadcrumb","itemListElement":[{"@type":"ListItem","position":1,"name":"Home","item":"https:\/\/www.edeqec.sk\/"},{"@type":"ListItem","position":2,"name":"Zapojte sa do vzdel\u00e1vacieho programu"}]},{"@type":"WebSite","@id":"https:\/\/www.edeqec.sk\/#website","url":"https:\/\/www.edeqec.sk\/","name":"Education for Equality and Ecology - EDEQEC","description":"","potentialAction":[{"@type":"SearchAction","target":{"@type":"EntryPoint","urlTemplate":"https:\/\/www.edeqec.sk\/?s={search_term_string}"},"query-input":"required name=search_term_string"}],"inLanguage":"en-GB"}]}},"_links":{"self":[{"href":"https:\/\/www.edeqec.sk\/en\/wp-json\/wp\/v2\/pages\/615"}],"collection":[{"href":"https:\/\/www.edeqec.sk\/en\/wp-json\/wp\/v2\/pages"}],"about":[{"href":"https:\/\/www.edeqec.sk\/en\/wp-json\/wp\/v2\/types\/page"}],"author":[{"embeddable":true,"href":"https:\/\/www.edeqec.sk\/en\/wp-json\/wp\/v2\/users\/1"}],"replies":[{"embeddable":true,"href":"https:\/\/www.edeqec.sk\/en\/wp-json\/wp\/v2\/comments?post=615"}],"version-history":[{"count":6,"href":"https:\/\/www.edeqec.sk\/en\/wp-json\/wp\/v2\/pages\/615\/revisions"}],"predecessor-version":[{"id":725,"href":"https:\/\/www.edeqec.sk\/en\/wp-json\/wp\/v2\/pages\/615\/revisions\/725"}],"wp:attachment":[{"href":"https:\/\/www.edeqec.sk\/en\/wp-json\/wp\/v2\/media?parent=615"}],"curies":[{"name":"wp","href":"https:\/\/api.w.org\/{rel}","templated":true}]}}